{"id":8451,"date":"2022-09-12T13:11:50","date_gmt":"2022-09-12T12:11:50","guid":{"rendered":"https:\/\/www.lofficinabici.com\/?post_type=product&#038;p=8451"},"modified":"2023-03-07T20:27:57","modified_gmt":"2023-03-07T19:27:57","slug":"fizik-tempo-decos-carbon","status":"publish","type":"product","link":"https:\/\/www.lofficinabici.com\/en\/produit\/fizik-tempo-decos-carbon\/","title":{"rendered":"FIZIK TEMPO DECOS CARBON"},"content":{"rendered":"<h3 class=\"section-title\">FIZIK TEMPO DECOS CARBON: MINIMALES ET PURES<\/h3>\n<p>Ces nouvelles Fizik Tempo Decos Carbon incarnent parfaitement le design minimaliste de <a href=\"https:\/\/www.fizik.com\/eu_en\/?gclid=Cj0KCQjw39uYBhCLARIsAD_SzMTS2W5uCVSAY8jdiU7cYCu3lKcUTlH69u34lKP8sFfZ4w06d1rTlPAaAr0-EALw_wcB\">Fizik,<\/a> comme savent d\u00e9j\u00e0 nous le prouver de nombreux mod\u00e8les tel que les <a href=\"\/?p=3326\">Fizik Tempo R4 Overcurve<\/a> ou encore les <a href=\"\/?p=3246\">Tempo R5 overcurve<\/a>.<\/p>\n<p>De par leur simplicit\u00e9, ces chaussures sauront vous offrir une pure exp\u00e9rience de conduite sur route, des randonn\u00e9es \u00e9piques en grande montagne aux gran fondos et au del\u00e0, ce qui la rend d&#8217;une grande polyvalence.<\/p>\n<p><img fetchpriority=\"high\" decoding=\"async\" class=\"alignnone size-large wp-image-8452\" src=\"https:\/\/www.lofficinabici.com\/wp-content\/uploads\/2022\/09\/chaussures-fizik-tempo-decos-1024x1024.jpg\" alt=\"chaussures v\u00e9lo Fizik blanches \" width=\"1024\" height=\"1024\" srcset=\"https:\/\/www.lofficinabici.com\/wp-content\/uploads\/2022\/09\/chaussures-fizik-tempo-decos-1024x1024.jpg 1024w, https:\/\/www.lofficinabici.com\/wp-content\/uploads\/2022\/09\/chaussures-fizik-tempo-decos-100x100.jpg 100w, https:\/\/www.lofficinabici.com\/wp-content\/uploads\/2022\/09\/chaussures-fizik-tempo-decos-600x600.jpg 600w, https:\/\/www.lofficinabici.com\/wp-content\/uploads\/2022\/09\/chaussures-fizik-tempo-decos-300x300.jpg 300w, https:\/\/www.lofficinabici.com\/wp-content\/uploads\/2022\/09\/chaussures-fizik-tempo-decos-150x150.jpg 150w, https:\/\/www.lofficinabici.com\/wp-content\/uploads\/2022\/09\/chaussures-fizik-tempo-decos-768x768.jpg 768w, https:\/\/www.lofficinabici.com\/wp-content\/uploads\/2022\/09\/chaussures-fizik-tempo-decos.jpg 1080w\" sizes=\"(max-width: 1024px) 100vw, 1024px\" \/><\/p>\n<h4 class=\"section-title\">SOUTIEN SIMPLE ET EFFICACE<\/h4>\n<p>Les tiges \u00e9l\u00e9gantes utilisent un mat\u00e9riau lamin\u00e9 en polyur\u00e9thane r\u00e9sistant combin\u00e9 \u00e0 un maillage confortable.<\/p>\n<p>Ce syst\u00e8me am\u00e9liore le rendement et offre un soutien durable du pied l\u00e0 o\u00f9 c&#8217;est le plus n\u00e9cessaire. L&#8217;ajustement est pratique et rapide avec un seul cadran Li2 BOA\u00ae bidirectionnel.<\/p>\n<h4 class=\"section-title\">PUISSANTES ET REACTIVES<\/h4>\n<p>La couche de fibre de carbone technique de la semelle ext\u00e9rieure R2 permet d&#8217;\u00e9conomiser du poids et offre en plus une rigidit\u00e9 accrue. Avec un indice de rigidit\u00e9 de 10, cela fait donc de cette semelle ext\u00e9rieure la plus r\u00e9active de la gamme fizik.<\/p>\n<p>Une large entr\u00e9e d&#8217;a\u00e9ration et une canalisation interne profonde fournissent un flux d&#8217;air de refroidissement, aidant alors \u00e0 la r\u00e9gulation de la temp\u00e9rature.<\/p>\n<p>Le positionnement de la cale est l\u00e9g\u00e8rement plus en arri\u00e8re par rapport aux r\u00e9glages traditionnels.<\/p>\n<p>Cela permet donc d&#8217;optimiser l&#8217;efficacit\u00e9 du p\u00e9dalage et r\u00e9duire la compression du genou.<\/p>\n<p>Ces chaussures de v\u00e9lo sont particuli\u00e8rement bien adapt\u00e9es aux positions a\u00e9rodynamiques tr\u00e8s agressives vers l&#8217;avant.<\/p>\n<p>POINTS TECHNIQUES\/SPECIFICITES des Fizik Tempo Decos carbon:<\/p>\n<ul>\n<li>PU laminate over mesh upper<\/li>\n<li>Syst\u00e8me d&#8217;ajustement Li2 BOA\u00ae<\/li>\n<li>Semelle ext\u00e9rieure R2 &#8211; unidirectionnelle enti\u00e8rement en carbone<\/li>\n<li>Indice de rigidit\u00e9 de la semelle 5<\/li>\n<li>Poids: 228 g<\/li>\n<li>Pointures: 36-48 (37 \u00e0 47 en demi pointures \u00e9galement)<\/li>\n<\/ul>\n<p>&nbsp;<\/p>\n<p>Par cons\u00e9quent, de par leur design, leur simplicit\u00e9 d&#8217;utilisation, leur confort, leur l\u00e9g\u00e8ret\u00e9 et leur durabilit\u00e9, ces chaussures sauront vous ravir. Elles sont disponibles en 4 coloris dont des couleurs aubergine ou encore bleu iris\u00e9 incroyables et originales.<\/p>\n","protected":false},"excerpt":{"rendered":"<p>Une chaussure de v\u00e9lo de route haut de gamme en carbone minimaliste con\u00e7ue pour allier performance et confort\u00a0 &#8211; un classique ind\u00e9modable.<\/p>\n","protected":false},"featured_media":8476,"comment_status":"closed","ping_status":"closed","template":"","meta":{"om_disable_all_campaigns":false,"_monsterinsights_skip_tracking":false,"_monsterinsights_sitenote_active":false,"_monsterinsights_sitenote_note":"","_monsterinsights_sitenote_category":0,"ocean_post_layout":"","ocean_both_sidebars_style":"","ocean_both_sidebars_content_width":0,"ocean_both_sidebars_sidebars_width":0,"ocean_sidebar":"0","ocean_second_sidebar":"0","ocean_disable_margins":"enable","ocean_add_body_class":"","ocean_shortcode_before_top_bar":"","ocean_shortcode_after_top_bar":"","ocean_shortcode_before_header":"","ocean_shortcode_after_header":"","ocean_has_shortcode":"","ocean_shortcode_after_title":"","ocean_shortcode_before_footer_widgets":"","ocean_shortcode_after_footer_widgets":"","ocean_shortcode_before_footer_bottom":"","ocean_shortcode_after_footer_bottom":"","ocean_display_top_bar":"default","ocean_display_header":"default","ocean_header_style":"","ocean_center_header_left_menu":"0","ocean_custom_header_template":"0","ocean_custom_logo":0,"ocean_custom_retina_logo":0,"ocean_custom_logo_max_width":0,"ocean_custom_logo_tablet_max_width":0,"ocean_custom_logo_mobile_max_width":0,"ocean_custom_logo_max_height":0,"ocean_custom_logo_tablet_max_height":0,"ocean_custom_logo_mobile_max_height":0,"ocean_header_custom_menu":"0","ocean_menu_typo_font_family":"0","ocean_menu_typo_font_subset":"","ocean_menu_typo_font_size":0,"ocean_menu_typo_font_size_tablet":0,"ocean_menu_typo_font_size_mobile":0,"ocean_menu_typo_font_size_unit":"px","ocean_menu_typo_font_weight":"","ocean_menu_typo_font_weight_tablet":"","ocean_menu_typo_font_weight_mobile":"","ocean_menu_typo_transform":"","ocean_menu_typo_transform_tablet":"","ocean_menu_typo_transform_mobile":"","ocean_menu_typo_line_height":0,"ocean_menu_typo_line_height_tablet":0,"ocean_menu_typo_line_height_mobile":0,"ocean_menu_typo_line_height_unit":"","ocean_menu_typo_spacing":0,"ocean_menu_typo_spacing_tablet":0,"ocean_menu_typo_spacing_mobile":0,"ocean_menu_typo_spacing_unit":"","ocean_menu_link_color":"","ocean_menu_link_color_hover":"","ocean_menu_link_color_active":"","ocean_menu_link_background":"","ocean_menu_link_hover_background":"","ocean_menu_link_active_background":"","ocean_menu_social_links_bg":"","ocean_menu_social_hover_links_bg":"","ocean_menu_social_links_color":"","ocean_menu_social_hover_links_color":"","ocean_disable_title":"default","ocean_disable_heading":"default","ocean_post_title":"","ocean_post_subheading":"","ocean_post_title_style":"","ocean_post_title_background_color":"","ocean_post_title_background":0,"ocean_post_title_bg_image_position":"","ocean_post_title_bg_image_attachment":"","ocean_post_title_bg_image_repeat":"","ocean_post_title_bg_image_size":"","ocean_post_title_height":0,"ocean_post_title_bg_overlay":0.5,"ocean_post_title_bg_overlay_color":"","ocean_disable_breadcrumbs":"default","ocean_breadcrumbs_color":"","ocean_breadcrumbs_separator_color":"","ocean_breadcrumbs_links_color":"","ocean_breadcrumbs_links_hover_color":"","ocean_display_footer_widgets":"default","ocean_display_footer_bottom":"default","ocean_custom_footer_template":"0"},"product_brand":[],"product_cat":[440,21],"product_tag":[],"class_list":{"0":"post-8451","1":"product","2":"type-product","3":"status-publish","4":"has-post-thumbnail","6":"product_cat-chaussures-velo","7":"product_cat-habillement-accessoires-velo","9":"entry","10":"has-media","12":"first","13":"instock","14":"sale","15":"taxable","16":"shipping-taxable","17":"purchasable","18":"product-type-variable","19":"has-default-attributes","20":"has-product-nav","21":"col","22":"span_1_of_3","23":"owp-content-center","24":"owp-thumbs-layout-horizontal","25":"owp-btn-normal","26":"owp-tabs-layout-horizontal"},"yoast_head":"<!-- This site is optimized with the Yoast SEO plugin v27.5 - https:\/\/yoast.com\/product\/yoast-seo-wordpress\/ -->\n<title>FIZIK TEMPO DECOS CARBON - L\u2019OFFICINA bici da corsa<\/title>\n<meta name=\"description\" content=\"Le mod\u00e8le Fizik Tempo Decos Carbon permet d&#039;associer \u00e9l\u00e9gance, confort et simplicit\u00e9 pour des performances sur tout terrain.\" \/>\n<meta name=\"robots\" content=\"index, follow, max-snippet:-1, max-image-preview:large, max-video-preview:-1\" \/>\n<link rel=\"canonical\" href=\"https:\/\/www.lofficinabici.com\/en\/produit\/fizik-tempo-decos-carbon\/\" \/>\n<meta property=\"og:locale\" content=\"en_US\" \/>\n<meta property=\"og:type\" content=\"article\" \/>\n<meta property=\"og:title\" content=\"FIZIK TEMPO DECOS CARBON - L\u2019OFFICINA bici da corsa\" \/>\n<meta property=\"og:description\" content=\"Le mod\u00e8le Fizik Tempo Decos Carbon permet d&#039;associer \u00e9l\u00e9gance, confort et simplicit\u00e9 pour des performances sur tout terrain.\" \/>\n<meta property=\"og:url\" content=\"https:\/\/www.lofficinabici.com\/en\/produit\/fizik-tempo-decos-carbon\/\" \/>\n<meta property=\"og:site_name\" content=\"L\u2019OFFICINA bici da corsa\" \/>\n<meta property=\"article:publisher\" content=\"https:\/\/www.facebook.com\/lofficinabici\/\" \/>\n<meta property=\"article:modified_time\" content=\"2023-03-07T19:27:57+00:00\" \/>\n<meta property=\"og:image\" content=\"https:\/\/www.lofficinabici.com\/wp-content\/uploads\/2022\/09\/fizik-tempo-carbon-decos-2-white.jpg\" \/>\n\t<meta property=\"og:image:width\" content=\"1000\" \/>\n\t<meta property=\"og:image:height\" content=\"1000\" \/>\n\t<meta property=\"og:image:type\" content=\"image\/jpeg\" \/>\n<meta name=\"twitter:card\" content=\"summary_large_image\" \/>\n<meta name=\"twitter:label1\" content=\"Est. reading time\" \/>\n\t<meta name=\"twitter:data1\" content=\"2 minutes\" \/>\n<script type=\"application\/ld+json\" class=\"yoast-schema-graph\">{\"@context\":\"https:\\\/\\\/schema.org\",\"@graph\":[{\"@type\":\"WebPage\",\"@id\":\"https:\\\/\\\/www.lofficinabici.com\\\/en\\\/produit\\\/fizik-tempo-decos-carbon\\\/\",\"url\":\"https:\\\/\\\/www.lofficinabici.com\\\/en\\\/produit\\\/fizik-tempo-decos-carbon\\\/\",\"name\":\"FIZIK TEMPO DECOS CARBON - L\u2019OFFICINA bici da corsa\",\"isPartOf\":{\"@id\":\"https:\\\/\\\/www.lofficinabici.com\\\/en\\\/#website\"},\"primaryImageOfPage\":{\"@id\":\"https:\\\/\\\/www.lofficinabici.com\\\/en\\\/produit\\\/fizik-tempo-decos-carbon\\\/#primaryimage\"},\"image\":{\"@id\":\"https:\\\/\\\/www.lofficinabici.com\\\/en\\\/produit\\\/fizik-tempo-decos-carbon\\\/#primaryimage\"},\"thumbnailUrl\":\"https:\\\/\\\/www.lofficinabici.com\\\/wp-content\\\/uploads\\\/2022\\\/09\\\/fizik-tempo-carbon-decos-2-white.jpg\",\"datePublished\":\"2022-09-12T12:11:50+00:00\",\"dateModified\":\"2023-03-07T19:27:57+00:00\",\"description\":\"Le mod\u00e8le Fizik Tempo Decos Carbon permet d'associer \u00e9l\u00e9gance, confort et simplicit\u00e9 pour des performances sur tout terrain.\",\"breadcrumb\":{\"@id\":\"https:\\\/\\\/www.lofficinabici.com\\\/en\\\/produit\\\/fizik-tempo-decos-carbon\\\/#breadcrumb\"},\"inLanguage\":\"en-US\",\"potentialAction\":[{\"@type\":\"ReadAction\",\"target\":[\"https:\\\/\\\/www.lofficinabici.com\\\/en\\\/produit\\\/fizik-tempo-decos-carbon\\\/\"]}]},{\"@type\":\"ImageObject\",\"inLanguage\":\"en-US\",\"@id\":\"https:\\\/\\\/www.lofficinabici.com\\\/en\\\/produit\\\/fizik-tempo-decos-carbon\\\/#primaryimage\",\"url\":\"https:\\\/\\\/www.lofficinabici.com\\\/wp-content\\\/uploads\\\/2022\\\/09\\\/fizik-tempo-carbon-decos-2-white.jpg\",\"contentUrl\":\"https:\\\/\\\/www.lofficinabici.com\\\/wp-content\\\/uploads\\\/2022\\\/09\\\/fizik-tempo-carbon-decos-2-white.jpg\",\"width\":1000,\"height\":1000,\"caption\":\"dessus chaussures Fizik tempo decos carbon blanches\"},{\"@type\":\"BreadcrumbList\",\"@id\":\"https:\\\/\\\/www.lofficinabici.com\\\/en\\\/produit\\\/fizik-tempo-decos-carbon\\\/#breadcrumb\",\"itemListElement\":[{\"@type\":\"ListItem\",\"position\":1,\"name\":\"Accueil\",\"item\":\"https:\\\/\\\/www.lofficinabici.com\\\/en\\\/?lang=en\"},{\"@type\":\"ListItem\",\"position\":2,\"name\":\"e-Shop\",\"item\":\"https:\\\/\\\/www.lofficinabici.com\\\/shop\\\/?lang=en\"},{\"@type\":\"ListItem\",\"position\":3,\"name\":\"FIZIK TEMPO DECOS CARBON\"}]},{\"@type\":\"WebSite\",\"@id\":\"https:\\\/\\\/www.lofficinabici.com\\\/en\\\/#website\",\"url\":\"https:\\\/\\\/www.lofficinabici.com\\\/en\\\/\",\"name\":\"L\u2019OFFICINA bici da corsa\",\"description\":\"v\u00e9los de course\",\"publisher\":{\"@id\":\"https:\\\/\\\/www.lofficinabici.com\\\/en\\\/#organization\"},\"potentialAction\":[{\"@type\":\"SearchAction\",\"target\":{\"@type\":\"EntryPoint\",\"urlTemplate\":\"https:\\\/\\\/www.lofficinabici.com\\\/en\\\/?s={search_term_string}\"},\"query-input\":{\"@type\":\"PropertyValueSpecification\",\"valueRequired\":true,\"valueName\":\"search_term_string\"}}],\"inLanguage\":\"en-US\"},{\"@type\":\"Organization\",\"@id\":\"https:\\\/\\\/www.lofficinabici.com\\\/en\\\/#organization\",\"name\":\"L'officina bici\",\"url\":\"https:\\\/\\\/www.lofficinabici.com\\\/en\\\/\",\"logo\":{\"@type\":\"ImageObject\",\"inLanguage\":\"en-US\",\"@id\":\"https:\\\/\\\/www.lofficinabici.com\\\/en\\\/#\\\/schema\\\/logo\\\/image\\\/\",\"url\":\"https:\\\/\\\/www.lofficinabici.com\\\/wp-content\\\/uploads\\\/2022\\\/01\\\/cropped-LOFFICINA-1.png\",\"contentUrl\":\"https:\\\/\\\/www.lofficinabici.com\\\/wp-content\\\/uploads\\\/2022\\\/01\\\/cropped-LOFFICINA-1.png\",\"width\":400,\"height\":225,\"caption\":\"L'officina bici\"},\"image\":{\"@id\":\"https:\\\/\\\/www.lofficinabici.com\\\/en\\\/#\\\/schema\\\/logo\\\/image\\\/\"},\"sameAs\":[\"https:\\\/\\\/www.facebook.com\\\/lofficinabici\\\/\",\"https:\\\/\\\/www.instagram.com\\\/lofficinabicidacorsa\\\/\"]}]}<\/script>\n<!-- \/ Yoast SEO plugin. -->","yoast_head_json":{"title":"FIZIK TEMPO DECOS CARBON - L\u2019OFFICINA bici da corsa","description":"Le mod\u00e8le Fizik Tempo Decos Carbon permet d'associer \u00e9l\u00e9gance, confort et simplicit\u00e9 pour des performances sur tout terrain.","robots":{"index":"index","follow":"follow","max-snippet":"max-snippet:-1","max-image-preview":"max-image-preview:large","max-video-preview":"max-video-preview:-1"},"canonical":"https:\/\/www.lofficinabici.com\/en\/produit\/fizik-tempo-decos-carbon\/","og_locale":"en_US","og_type":"article","og_title":"FIZIK TEMPO DECOS CARBON - L\u2019OFFICINA bici da corsa","og_description":"Le mod\u00e8le Fizik Tempo Decos Carbon permet d'associer \u00e9l\u00e9gance, confort et simplicit\u00e9 pour des performances sur tout terrain.","og_url":"https:\/\/www.lofficinabici.com\/en\/produit\/fizik-tempo-decos-carbon\/","og_site_name":"L\u2019OFFICINA bici da corsa","article_publisher":"https:\/\/www.facebook.com\/lofficinabici\/","article_modified_time":"2023-03-07T19:27:57+00:00","og_image":[{"width":1000,"height":1000,"url":"https:\/\/www.lofficinabici.com\/wp-content\/uploads\/2022\/09\/fizik-tempo-carbon-decos-2-white.jpg","type":"image\/jpeg"}],"twitter_card":"summary_large_image","twitter_misc":{"Est. reading time":"2 minutes"},"schema":{"@context":"https:\/\/schema.org","@graph":[{"@type":"WebPage","@id":"https:\/\/www.lofficinabici.com\/en\/produit\/fizik-tempo-decos-carbon\/","url":"https:\/\/www.lofficinabici.com\/en\/produit\/fizik-tempo-decos-carbon\/","name":"FIZIK TEMPO DECOS CARBON - L\u2019OFFICINA bici da corsa","isPartOf":{"@id":"https:\/\/www.lofficinabici.com\/en\/#website"},"primaryImageOfPage":{"@id":"https:\/\/www.lofficinabici.com\/en\/produit\/fizik-tempo-decos-carbon\/#primaryimage"},"image":{"@id":"https:\/\/www.lofficinabici.com\/en\/produit\/fizik-tempo-decos-carbon\/#primaryimage"},"thumbnailUrl":"https:\/\/www.lofficinabici.com\/wp-content\/uploads\/2022\/09\/fizik-tempo-carbon-decos-2-white.jpg","datePublished":"2022-09-12T12:11:50+00:00","dateModified":"2023-03-07T19:27:57+00:00","description":"Le mod\u00e8le Fizik Tempo Decos Carbon permet d'associer \u00e9l\u00e9gance, confort et simplicit\u00e9 pour des performances sur tout terrain.","breadcrumb":{"@id":"https:\/\/www.lofficinabici.com\/en\/produit\/fizik-tempo-decos-carbon\/#breadcrumb"},"inLanguage":"en-US","potentialAction":[{"@type":"ReadAction","target":["https:\/\/www.lofficinabici.com\/en\/produit\/fizik-tempo-decos-carbon\/"]}]},{"@type":"ImageObject","inLanguage":"en-US","@id":"https:\/\/www.lofficinabici.com\/en\/produit\/fizik-tempo-decos-carbon\/#primaryimage","url":"https:\/\/www.lofficinabici.com\/wp-content\/uploads\/2022\/09\/fizik-tempo-carbon-decos-2-white.jpg","contentUrl":"https:\/\/www.lofficinabici.com\/wp-content\/uploads\/2022\/09\/fizik-tempo-carbon-decos-2-white.jpg","width":1000,"height":1000,"caption":"dessus chaussures Fizik tempo decos carbon blanches"},{"@type":"BreadcrumbList","@id":"https:\/\/www.lofficinabici.com\/en\/produit\/fizik-tempo-decos-carbon\/#breadcrumb","itemListElement":[{"@type":"ListItem","position":1,"name":"Accueil","item":"https:\/\/www.lofficinabici.com\/en\/?lang=en"},{"@type":"ListItem","position":2,"name":"e-Shop","item":"https:\/\/www.lofficinabici.com\/shop\/?lang=en"},{"@type":"ListItem","position":3,"name":"FIZIK TEMPO DECOS CARBON"}]},{"@type":"WebSite","@id":"https:\/\/www.lofficinabici.com\/en\/#website","url":"https:\/\/www.lofficinabici.com\/en\/","name":"L\u2019OFFICINA bici da corsa","description":"v\u00e9los de course","publisher":{"@id":"https:\/\/www.lofficinabici.com\/en\/#organization"},"potentialAction":[{"@type":"SearchAction","target":{"@type":"EntryPoint","urlTemplate":"https:\/\/www.lofficinabici.com\/en\/?s={search_term_string}"},"query-input":{"@type":"PropertyValueSpecification","valueRequired":true,"valueName":"search_term_string"}}],"inLanguage":"en-US"},{"@type":"Organization","@id":"https:\/\/www.lofficinabici.com\/en\/#organization","name":"L'officina bici","url":"https:\/\/www.lofficinabici.com\/en\/","logo":{"@type":"ImageObject","inLanguage":"en-US","@id":"https:\/\/www.lofficinabici.com\/en\/#\/schema\/logo\/image\/","url":"https:\/\/www.lofficinabici.com\/wp-content\/uploads\/2022\/01\/cropped-LOFFICINA-1.png","contentUrl":"https:\/\/www.lofficinabici.com\/wp-content\/uploads\/2022\/01\/cropped-LOFFICINA-1.png","width":400,"height":225,"caption":"L'officina bici"},"image":{"@id":"https:\/\/www.lofficinabici.com\/en\/#\/schema\/logo\/image\/"},"sameAs":["https:\/\/www.facebook.com\/lofficinabici\/","https:\/\/www.instagram.com\/lofficinabicidacorsa\/"]}]}},"_links":{"self":[{"href":"https:\/\/www.lofficinabici.com\/en\/wp-json\/wp\/v2\/product\/8451","targetHints":{"allow":["GET"]}}],"collection":[{"href":"https:\/\/www.lofficinabici.com\/en\/wp-json\/wp\/v2\/product"}],"about":[{"href":"https:\/\/www.lofficinabici.com\/en\/wp-json\/wp\/v2\/types\/product"}],"replies":[{"embeddable":true,"href":"https:\/\/www.lofficinabici.com\/en\/wp-json\/wp\/v2\/comments?post=8451"}],"wp:featuredmedia":[{"embeddable":true,"href":"https:\/\/www.lofficinabici.com\/en\/wp-json\/wp\/v2\/media\/8476"}],"wp:attachment":[{"href":"https:\/\/www.lofficinabici.com\/en\/wp-json\/wp\/v2\/media?parent=8451"}],"wp:term":[{"taxonomy":"product_brand","embeddable":true,"href":"https:\/\/www.lofficinabici.com\/en\/wp-json\/wp\/v2\/product_brand?post=8451"},{"taxonomy":"product_cat","embeddable":true,"href":"https:\/\/www.lofficinabici.com\/en\/wp-json\/wp\/v2\/product_cat?post=8451"},{"taxonomy":"product_tag","embeddable":true,"href":"https:\/\/www.lofficinabici.com\/en\/wp-json\/wp\/v2\/product_tag?post=8451"}],"curies":[{"name":"wp","href":"https:\/\/api.w.org\/{rel}","templated":true}]}}