{"id":3157,"date":"2020-06-23T12:50:12","date_gmt":"2020-06-23T11:50:12","guid":{"rendered":"https:\/\/www.lofficinabici.com\/?post_type=product&#038;p=3157"},"modified":"2020-08-04T09:04:20","modified_gmt":"2020-08-04T08:04:20","slug":"carnets-de-route-bernard-thevenet","status":"publish","type":"product","link":"https:\/\/www.lofficinabici.com\/en\/produit\/carnets-de-route-bernard-thevenet\/","title":{"rendered":"Bernard THEVENET Carnets de route"},"content":{"rendered":"<p>Bernard Th\u00e9venet reste l&#8217;un des champions fran\u00e7ais les plus appr\u00e9ci\u00e9s et les plus populaires. Il entre dans la l\u00e9gende en 1975, le jour o\u00f9 il terrasse Eddy Merckx dans la mont\u00e9e de Pra-Loup. En plus de dix ans de carri\u00e8re, il s&#8217;est construit un immense palmar\u00e8s en gagnant deux fois le Tour de France, le crit\u00e9rium du Dauphin\u00e9 lib\u00e9r\u00e9, le Tour de Romandie, le Tour de Catalogne, etc. Dans ce livre de m\u00e9moires en forme de v\u00e9ritables carnets de route, Bernard, en collaboration avec Pascal Sergent, nous raconte ses d\u00e9buts en Bourgogne, les premiers crit\u00e9riums, le Tour, les classiques jusqu&#8217;\u00e0 aujourd&#8217;hui o\u00f9 il occupe les fonctions de directeur du Dauphin\u00e9 lib\u00e9r\u00e9 et de relation publique sur le Tour de France. Dans sa roue, le lecteur vivra son ascension et son succ\u00e8s, mais aussi les drames in\u00e9vitables d&#8217;une carri\u00e8re cycliste ponctu\u00e9e d&#8217;impond\u00e9rables&#8230; Un livre qui sort \u00e0 l&#8217;occasion des quarante ans de sa deuxi\u00e8me victoire et qui se veut ses m\u00e9moires cyclistes.<\/p>\n","protected":false},"excerpt":{"rendered":"<p>M\u00e9moires cyclistes<\/p>\n","protected":false},"featured_media":3158,"comment_status":"open","ping_status":"closed","template":"","meta":{"om_disable_all_campaigns":false,"_monsterinsights_skip_tracking":false,"_monsterinsights_sitenote_active":false,"_monsterinsights_sitenote_note":"","_monsterinsights_sitenote_category":0,"ocean_post_layout":"","ocean_both_sidebars_style":"","ocean_both_sidebars_content_width":0,"ocean_both_sidebars_sidebars_width":0,"ocean_sidebar":"0","ocean_second_sidebar":"0","ocean_disable_margins":"enable","ocean_add_body_class":"","ocean_shortcode_before_top_bar":"","ocean_shortcode_after_top_bar":"","ocean_shortcode_before_header":"","ocean_shortcode_after_header":"","ocean_has_shortcode":"","ocean_shortcode_after_title":"","ocean_shortcode_before_footer_widgets":"","ocean_shortcode_after_footer_widgets":"","ocean_shortcode_before_footer_bottom":"","ocean_shortcode_after_footer_bottom":"","ocean_display_top_bar":"default","ocean_display_header":"default","ocean_header_style":"","ocean_center_header_left_menu":"0","ocean_custom_header_template":"0","ocean_custom_logo":0,"ocean_custom_retina_logo":0,"ocean_custom_logo_max_width":0,"ocean_custom_logo_tablet_max_width":0,"ocean_custom_logo_mobile_max_width":0,"ocean_custom_logo_max_height":0,"ocean_custom_logo_tablet_max_height":0,"ocean_custom_logo_mobile_max_height":0,"ocean_header_custom_menu":"0","ocean_menu_typo_font_family":"0","ocean_menu_typo_font_subset":"","ocean_menu_typo_font_size":0,"ocean_menu_typo_font_size_tablet":0,"ocean_menu_typo_font_size_mobile":0,"ocean_menu_typo_font_size_unit":"px","ocean_menu_typo_font_weight":"","ocean_menu_typo_font_weight_tablet":"","ocean_menu_typo_font_weight_mobile":"","ocean_menu_typo_transform":"","ocean_menu_typo_transform_tablet":"","ocean_menu_typo_transform_mobile":"","ocean_menu_typo_line_height":0,"ocean_menu_typo_line_height_tablet":0,"ocean_menu_typo_line_height_mobile":0,"ocean_menu_typo_line_height_unit":"","ocean_menu_typo_spacing":0,"ocean_menu_typo_spacing_tablet":0,"ocean_menu_typo_spacing_mobile":0,"ocean_menu_typo_spacing_unit":"","ocean_menu_link_color":"","ocean_menu_link_color_hover":"","ocean_menu_link_color_active":"","ocean_menu_link_background":"","ocean_menu_link_hover_background":"","ocean_menu_link_active_background":"","ocean_menu_social_links_bg":"","ocean_menu_social_hover_links_bg":"","ocean_menu_social_links_color":"","ocean_menu_social_hover_links_color":"","ocean_disable_title":"default","ocean_disable_heading":"default","ocean_post_title":"","ocean_post_subheading":"","ocean_post_title_style":"","ocean_post_title_background_color":"","ocean_post_title_background":0,"ocean_post_title_bg_image_position":"","ocean_post_title_bg_image_attachment":"","ocean_post_title_bg_image_repeat":"","ocean_post_title_bg_image_size":"","ocean_post_title_height":0,"ocean_post_title_bg_overlay":0.5,"ocean_post_title_bg_overlay_color":"","ocean_disable_breadcrumbs":"default","ocean_breadcrumbs_color":"","ocean_breadcrumbs_separator_color":"","ocean_breadcrumbs_links_color":"","ocean_breadcrumbs_links_hover_color":"","ocean_display_footer_widgets":"default","ocean_display_footer_bottom":"default","ocean_custom_footer_template":"0"},"product_brand":[],"product_cat":[43],"product_tag":[],"class_list":{"0":"post-3157","1":"product","2":"type-product","3":"status-publish","4":"has-post-thumbnail","6":"product_cat-livres-velo","8":"entry","9":"has-media","11":"first","12":"instock","13":"taxable","14":"shipping-taxable","15":"purchasable","16":"product-type-simple","17":"has-product-nav","18":"col","19":"span_1_of_3","20":"owp-content-center","21":"owp-thumbs-layout-horizontal","22":"owp-btn-normal","23":"owp-tabs-layout-horizontal","24":"has-no-thumbnails"},"yoast_head":"<!-- This site is optimized with the Yoast SEO plugin v27.5 - https:\/\/yoast.com\/product\/yoast-seo-wordpress\/ -->\n<title>Bernard THEVENET Carnets de route - L\u2019OFFICINA bici da corsa<\/title>\n<meta name=\"robots\" content=\"index, follow, max-snippet:-1, max-image-preview:large, max-video-preview:-1\" \/>\n<link rel=\"canonical\" href=\"https:\/\/www.lofficinabici.com\/en\/produit\/carnets-de-route-bernard-thevenet\/\" \/>\n<meta property=\"og:locale\" content=\"en_US\" \/>\n<meta property=\"og:type\" content=\"article\" \/>\n<meta property=\"og:title\" content=\"Bernard THEVENET Carnets de route - L\u2019OFFICINA bici da corsa\" \/>\n<meta property=\"og:description\" content=\"M\u00e9moires cyclistes\" \/>\n<meta property=\"og:url\" content=\"https:\/\/www.lofficinabici.com\/en\/produit\/carnets-de-route-bernard-thevenet\/\" \/>\n<meta property=\"og:site_name\" content=\"L\u2019OFFICINA bici da corsa\" \/>\n<meta property=\"article:publisher\" content=\"https:\/\/www.facebook.com\/lofficinabici\/\" \/>\n<meta property=\"article:modified_time\" content=\"2020-08-04T08:04:20+00:00\" \/>\n<meta property=\"og:image\" content=\"https:\/\/www.lofficinabici.com\/wp-content\/uploads\/2020\/06\/bernard-thevenet.jpg\" \/>\n\t<meta property=\"og:image:width\" content=\"410\" \/>\n\t<meta property=\"og:image:height\" content=\"640\" \/>\n\t<meta property=\"og:image:type\" content=\"image\/jpeg\" \/>\n<meta name=\"twitter:card\" content=\"summary_large_image\" \/>\n<meta name=\"twitter:label1\" content=\"Est. reading time\" \/>\n\t<meta name=\"twitter:data1\" content=\"1 minute\" \/>\n<script type=\"application\/ld+json\" class=\"yoast-schema-graph\">{\"@context\":\"https:\\\/\\\/schema.org\",\"@graph\":[{\"@type\":\"WebPage\",\"@id\":\"https:\\\/\\\/www.lofficinabici.com\\\/en\\\/produit\\\/carnets-de-route-bernard-thevenet\\\/\",\"url\":\"https:\\\/\\\/www.lofficinabici.com\\\/en\\\/produit\\\/carnets-de-route-bernard-thevenet\\\/\",\"name\":\"Bernard THEVENET Carnets de route - L\u2019OFFICINA bici da corsa\",\"isPartOf\":{\"@id\":\"https:\\\/\\\/www.lofficinabici.com\\\/en\\\/#website\"},\"primaryImageOfPage\":{\"@id\":\"https:\\\/\\\/www.lofficinabici.com\\\/en\\\/produit\\\/carnets-de-route-bernard-thevenet\\\/#primaryimage\"},\"image\":{\"@id\":\"https:\\\/\\\/www.lofficinabici.com\\\/en\\\/produit\\\/carnets-de-route-bernard-thevenet\\\/#primaryimage\"},\"thumbnailUrl\":\"https:\\\/\\\/www.lofficinabici.com\\\/wp-content\\\/uploads\\\/2020\\\/06\\\/bernard-thevenet.jpg\",\"datePublished\":\"2020-06-23T11:50:12+00:00\",\"dateModified\":\"2020-08-04T08:04:20+00:00\",\"breadcrumb\":{\"@id\":\"https:\\\/\\\/www.lofficinabici.com\\\/en\\\/produit\\\/carnets-de-route-bernard-thevenet\\\/#breadcrumb\"},\"inLanguage\":\"en-US\",\"potentialAction\":[{\"@type\":\"ReadAction\",\"target\":[\"https:\\\/\\\/www.lofficinabici.com\\\/en\\\/produit\\\/carnets-de-route-bernard-thevenet\\\/\"]}]},{\"@type\":\"ImageObject\",\"inLanguage\":\"en-US\",\"@id\":\"https:\\\/\\\/www.lofficinabici.com\\\/en\\\/produit\\\/carnets-de-route-bernard-thevenet\\\/#primaryimage\",\"url\":\"https:\\\/\\\/www.lofficinabici.com\\\/wp-content\\\/uploads\\\/2020\\\/06\\\/bernard-thevenet.jpg\",\"contentUrl\":\"https:\\\/\\\/www.lofficinabici.com\\\/wp-content\\\/uploads\\\/2020\\\/06\\\/bernard-thevenet.jpg\",\"width\":410,\"height\":640},{\"@type\":\"BreadcrumbList\",\"@id\":\"https:\\\/\\\/www.lofficinabici.com\\\/en\\\/produit\\\/carnets-de-route-bernard-thevenet\\\/#breadcrumb\",\"itemListElement\":[{\"@type\":\"ListItem\",\"position\":1,\"name\":\"Accueil\",\"item\":\"https:\\\/\\\/www.lofficinabici.com\\\/en\\\/?lang=en\"},{\"@type\":\"ListItem\",\"position\":2,\"name\":\"e-Shop\",\"item\":\"https:\\\/\\\/www.lofficinabici.com\\\/shop\\\/?lang=en\"},{\"@type\":\"ListItem\",\"position\":3,\"name\":\"Bernard THEVENET Carnets de route\"}]},{\"@type\":\"WebSite\",\"@id\":\"https:\\\/\\\/www.lofficinabici.com\\\/en\\\/#website\",\"url\":\"https:\\\/\\\/www.lofficinabici.com\\\/en\\\/\",\"name\":\"L\u2019OFFICINA bici da corsa\",\"description\":\"v\u00e9los de course\",\"publisher\":{\"@id\":\"https:\\\/\\\/www.lofficinabici.com\\\/en\\\/#organization\"},\"potentialAction\":[{\"@type\":\"SearchAction\",\"target\":{\"@type\":\"EntryPoint\",\"urlTemplate\":\"https:\\\/\\\/www.lofficinabici.com\\\/en\\\/?s={search_term_string}\"},\"query-input\":{\"@type\":\"PropertyValueSpecification\",\"valueRequired\":true,\"valueName\":\"search_term_string\"}}],\"inLanguage\":\"en-US\"},{\"@type\":\"Organization\",\"@id\":\"https:\\\/\\\/www.lofficinabici.com\\\/en\\\/#organization\",\"name\":\"L'officina bici\",\"url\":\"https:\\\/\\\/www.lofficinabici.com\\\/en\\\/\",\"logo\":{\"@type\":\"ImageObject\",\"inLanguage\":\"en-US\",\"@id\":\"https:\\\/\\\/www.lofficinabici.com\\\/en\\\/#\\\/schema\\\/logo\\\/image\\\/\",\"url\":\"https:\\\/\\\/www.lofficinabici.com\\\/wp-content\\\/uploads\\\/2022\\\/01\\\/cropped-LOFFICINA-1.png\",\"contentUrl\":\"https:\\\/\\\/www.lofficinabici.com\\\/wp-content\\\/uploads\\\/2022\\\/01\\\/cropped-LOFFICINA-1.png\",\"width\":400,\"height\":225,\"caption\":\"L'officina bici\"},\"image\":{\"@id\":\"https:\\\/\\\/www.lofficinabici.com\\\/en\\\/#\\\/schema\\\/logo\\\/image\\\/\"},\"sameAs\":[\"https:\\\/\\\/www.facebook.com\\\/lofficinabici\\\/\",\"https:\\\/\\\/www.instagram.com\\\/lofficinabicidacorsa\\\/\"]}]}<\/script>\n<!-- \/ Yoast SEO plugin. -->","yoast_head_json":{"title":"Bernard THEVENET Carnets de route - L\u2019OFFICINA bici da corsa","robots":{"index":"index","follow":"follow","max-snippet":"max-snippet:-1","max-image-preview":"max-image-preview:large","max-video-preview":"max-video-preview:-1"},"canonical":"https:\/\/www.lofficinabici.com\/en\/produit\/carnets-de-route-bernard-thevenet\/","og_locale":"en_US","og_type":"article","og_title":"Bernard THEVENET Carnets de route - L\u2019OFFICINA bici da corsa","og_description":"M\u00e9moires cyclistes","og_url":"https:\/\/www.lofficinabici.com\/en\/produit\/carnets-de-route-bernard-thevenet\/","og_site_name":"L\u2019OFFICINA bici da corsa","article_publisher":"https:\/\/www.facebook.com\/lofficinabici\/","article_modified_time":"2020-08-04T08:04:20+00:00","og_image":[{"width":410,"height":640,"url":"https:\/\/www.lofficinabici.com\/wp-content\/uploads\/2020\/06\/bernard-thevenet.jpg","type":"image\/jpeg"}],"twitter_card":"summary_large_image","twitter_misc":{"Est. reading time":"1 minute"},"schema":{"@context":"https:\/\/schema.org","@graph":[{"@type":"WebPage","@id":"https:\/\/www.lofficinabici.com\/en\/produit\/carnets-de-route-bernard-thevenet\/","url":"https:\/\/www.lofficinabici.com\/en\/produit\/carnets-de-route-bernard-thevenet\/","name":"Bernard THEVENET Carnets de route - L\u2019OFFICINA bici da corsa","isPartOf":{"@id":"https:\/\/www.lofficinabici.com\/en\/#website"},"primaryImageOfPage":{"@id":"https:\/\/www.lofficinabici.com\/en\/produit\/carnets-de-route-bernard-thevenet\/#primaryimage"},"image":{"@id":"https:\/\/www.lofficinabici.com\/en\/produit\/carnets-de-route-bernard-thevenet\/#primaryimage"},"thumbnailUrl":"https:\/\/www.lofficinabici.com\/wp-content\/uploads\/2020\/06\/bernard-thevenet.jpg","datePublished":"2020-06-23T11:50:12+00:00","dateModified":"2020-08-04T08:04:20+00:00","breadcrumb":{"@id":"https:\/\/www.lofficinabici.com\/en\/produit\/carnets-de-route-bernard-thevenet\/#breadcrumb"},"inLanguage":"en-US","potentialAction":[{"@type":"ReadAction","target":["https:\/\/www.lofficinabici.com\/en\/produit\/carnets-de-route-bernard-thevenet\/"]}]},{"@type":"ImageObject","inLanguage":"en-US","@id":"https:\/\/www.lofficinabici.com\/en\/produit\/carnets-de-route-bernard-thevenet\/#primaryimage","url":"https:\/\/www.lofficinabici.com\/wp-content\/uploads\/2020\/06\/bernard-thevenet.jpg","contentUrl":"https:\/\/www.lofficinabici.com\/wp-content\/uploads\/2020\/06\/bernard-thevenet.jpg","width":410,"height":640},{"@type":"BreadcrumbList","@id":"https:\/\/www.lofficinabici.com\/en\/produit\/carnets-de-route-bernard-thevenet\/#breadcrumb","itemListElement":[{"@type":"ListItem","position":1,"name":"Accueil","item":"https:\/\/www.lofficinabici.com\/en\/?lang=en"},{"@type":"ListItem","position":2,"name":"e-Shop","item":"https:\/\/www.lofficinabici.com\/shop\/?lang=en"},{"@type":"ListItem","position":3,"name":"Bernard THEVENET Carnets de route"}]},{"@type":"WebSite","@id":"https:\/\/www.lofficinabici.com\/en\/#website","url":"https:\/\/www.lofficinabici.com\/en\/","name":"L\u2019OFFICINA bici da corsa","description":"v\u00e9los de course","publisher":{"@id":"https:\/\/www.lofficinabici.com\/en\/#organization"},"potentialAction":[{"@type":"SearchAction","target":{"@type":"EntryPoint","urlTemplate":"https:\/\/www.lofficinabici.com\/en\/?s={search_term_string}"},"query-input":{"@type":"PropertyValueSpecification","valueRequired":true,"valueName":"search_term_string"}}],"inLanguage":"en-US"},{"@type":"Organization","@id":"https:\/\/www.lofficinabici.com\/en\/#organization","name":"L'officina bici","url":"https:\/\/www.lofficinabici.com\/en\/","logo":{"@type":"ImageObject","inLanguage":"en-US","@id":"https:\/\/www.lofficinabici.com\/en\/#\/schema\/logo\/image\/","url":"https:\/\/www.lofficinabici.com\/wp-content\/uploads\/2022\/01\/cropped-LOFFICINA-1.png","contentUrl":"https:\/\/www.lofficinabici.com\/wp-content\/uploads\/2022\/01\/cropped-LOFFICINA-1.png","width":400,"height":225,"caption":"L'officina bici"},"image":{"@id":"https:\/\/www.lofficinabici.com\/en\/#\/schema\/logo\/image\/"},"sameAs":["https:\/\/www.facebook.com\/lofficinabici\/","https:\/\/www.instagram.com\/lofficinabicidacorsa\/"]}]}},"_links":{"self":[{"href":"https:\/\/www.lofficinabici.com\/en\/wp-json\/wp\/v2\/product\/3157","targetHints":{"allow":["GET"]}}],"collection":[{"href":"https:\/\/www.lofficinabici.com\/en\/wp-json\/wp\/v2\/product"}],"about":[{"href":"https:\/\/www.lofficinabici.com\/en\/wp-json\/wp\/v2\/types\/product"}],"replies":[{"embeddable":true,"href":"https:\/\/www.lofficinabici.com\/en\/wp-json\/wp\/v2\/comments?post=3157"}],"wp:featuredmedia":[{"embeddable":true,"href":"https:\/\/www.lofficinabici.com\/en\/wp-json\/wp\/v2\/media\/3158"}],"wp:attachment":[{"href":"https:\/\/www.lofficinabici.com\/en\/wp-json\/wp\/v2\/media?parent=3157"}],"wp:term":[{"taxonomy":"product_brand","embeddable":true,"href":"https:\/\/www.lofficinabici.com\/en\/wp-json\/wp\/v2\/product_brand?post=3157"},{"taxonomy":"product_cat","embeddable":true,"href":"https:\/\/www.lofficinabici.com\/en\/wp-json\/wp\/v2\/product_cat?post=3157"},{"taxonomy":"product_tag","embeddable":true,"href":"https:\/\/www.lofficinabici.com\/en\/wp-json\/wp\/v2\/product_tag?post=3157"}],"curies":[{"name":"wp","href":"https:\/\/api.w.org\/{rel}","templated":true}]}}