{"id":2999,"date":"2020-06-22T22:19:39","date_gmt":"2020-06-22T21:19:39","guid":{"rendered":"https:\/\/www.lofficinabici.com\/?post_type=product&#038;p=2999"},"modified":"2020-06-22T22:25:01","modified_gmt":"2020-06-22T21:25:01","slug":"livre-dor-cyclisme-2019","status":"publish","type":"product","link":"https:\/\/www.lofficinabici.com\/en\/produit\/livre-dor-cyclisme-2019\/","title":{"rendered":"Cyclisme 2019 Le livre d&#8217;or"},"content":{"rendered":"<p>C&#8217;est l&#8217;ann\u00e9e de Julian Alaphilippe ! Auteur d&#8217;un printemps magnifique avec un premier monument des classiques, Milan-San Remo, \u00e0 son palmar\u00e8s, et une deuxi\u00e8me victoire \u00e0 la Fl\u00e8che wallonne. Eblouissant dans le Tour de France, le tr\u00e8s populaire champion gagne deux \u00e9tapes, porte le maillot jaune durant quatorze jours et fait r\u00eaver le public fran\u00e7ais d&#8217;un immense exploit \u00e0 Paris. Cette saison 2019 a \u00e9t\u00e9 aussi marqu\u00e9e par une grande premi\u00e8re le succ\u00e8s d&#8217;un coureur colombien dans la &#8220;grande boucle&#8221;, Egan Bernai, vingt-deux ans, le plus jeune Maillot jaune de l&#8217;apr\u00e8s-Guerre (c&#8217;\u00e9tait aussi une premi\u00e8re fois pour Les vainqueurs du Giro et de la Vuelta, l&#8217;Equatorien Richard Carapaz et le Slov\u00e8ne Primoz Roglicl. A L&#8217;image du grimpeur sud-am\u00e9ricain, les jeunes ont bouscul\u00e9 la hi\u00e9rarchie. Mathieu Van der Poel, le petit-fils de Raymond Poulidor, a r\u00e9ussi remarquablement sa mutation du cyclo-cross \u00e0 la route. Quant au prodige belge, Remco Evenepoel, il a r\u00e9alis\u00e9 une entr\u00e9e fracassante dans le peloton du World Tour \u00e0 seulement dix-neuf ans ! Retrouvez dans ce Livre d&#8217;Or du cyclisme les statistiques pointues, les unes et les plus belles photos de L&#8217;Equipe.<\/p>\n","protected":false},"excerpt":{"rendered":"<p>Le livre d&#8217;Or 2019<\/p>\n","protected":false},"featured_media":3001,"comment_status":"open","ping_status":"closed","template":"","meta":{"om_disable_all_campaigns":false,"_monsterinsights_skip_tracking":false,"_monsterinsights_sitenote_active":false,"_monsterinsights_sitenote_note":"","_monsterinsights_sitenote_category":0,"ocean_post_layout":"","ocean_both_sidebars_style":"","ocean_both_sidebars_content_width":0,"ocean_both_sidebars_sidebars_width":0,"ocean_sidebar":"0","ocean_second_sidebar":"0","ocean_disable_margins":"enable","ocean_add_body_class":"","ocean_shortcode_before_top_bar":"","ocean_shortcode_after_top_bar":"","ocean_shortcode_before_header":"","ocean_shortcode_after_header":"","ocean_has_shortcode":"","ocean_shortcode_after_title":"","ocean_shortcode_before_footer_widgets":"","ocean_shortcode_after_footer_widgets":"","ocean_shortcode_before_footer_bottom":"","ocean_shortcode_after_footer_bottom":"","ocean_display_top_bar":"default","ocean_display_header":"default","ocean_header_style":"","ocean_center_header_left_menu":"0","ocean_custom_header_template":"0","ocean_custom_logo":0,"ocean_custom_retina_logo":0,"ocean_custom_logo_max_width":0,"ocean_custom_logo_tablet_max_width":0,"ocean_custom_logo_mobile_max_width":0,"ocean_custom_logo_max_height":0,"ocean_custom_logo_tablet_max_height":0,"ocean_custom_logo_mobile_max_height":0,"ocean_header_custom_menu":"0","ocean_menu_typo_font_family":"0","ocean_menu_typo_font_subset":"","ocean_menu_typo_font_size":0,"ocean_menu_typo_font_size_tablet":0,"ocean_menu_typo_font_size_mobile":0,"ocean_menu_typo_font_size_unit":"px","ocean_menu_typo_font_weight":"","ocean_menu_typo_font_weight_tablet":"","ocean_menu_typo_font_weight_mobile":"","ocean_menu_typo_transform":"","ocean_menu_typo_transform_tablet":"","ocean_menu_typo_transform_mobile":"","ocean_menu_typo_line_height":0,"ocean_menu_typo_line_height_tablet":0,"ocean_menu_typo_line_height_mobile":0,"ocean_menu_typo_line_height_unit":"","ocean_menu_typo_spacing":0,"ocean_menu_typo_spacing_tablet":0,"ocean_menu_typo_spacing_mobile":0,"ocean_menu_typo_spacing_unit":"","ocean_menu_link_color":"","ocean_menu_link_color_hover":"","ocean_menu_link_color_active":"","ocean_menu_link_background":"","ocean_menu_link_hover_background":"","ocean_menu_link_active_background":"","ocean_menu_social_links_bg":"","ocean_menu_social_hover_links_bg":"","ocean_menu_social_links_color":"","ocean_menu_social_hover_links_color":"","ocean_disable_title":"default","ocean_disable_heading":"default","ocean_post_title":"","ocean_post_subheading":"","ocean_post_title_style":"","ocean_post_title_background_color":"","ocean_post_title_background":0,"ocean_post_title_bg_image_position":"","ocean_post_title_bg_image_attachment":"","ocean_post_title_bg_image_repeat":"","ocean_post_title_bg_image_size":"","ocean_post_title_height":0,"ocean_post_title_bg_overlay":0.5,"ocean_post_title_bg_overlay_color":"","ocean_disable_breadcrumbs":"default","ocean_breadcrumbs_color":"","ocean_breadcrumbs_separator_color":"","ocean_breadcrumbs_links_color":"","ocean_breadcrumbs_links_hover_color":"","ocean_display_footer_widgets":"default","ocean_display_footer_bottom":"default","ocean_custom_footer_template":"0"},"product_brand":[],"product_cat":[43],"product_tag":[],"class_list":{"0":"post-2999","1":"product","2":"type-product","3":"status-publish","4":"has-post-thumbnail","6":"product_cat-livres-velo","8":"entry","9":"has-media","11":"first","12":"instock","13":"taxable","14":"shipping-taxable","15":"purchasable","16":"product-type-simple","17":"has-product-nav","18":"col","19":"span_1_of_3","20":"owp-content-center","21":"owp-thumbs-layout-horizontal","22":"owp-btn-normal","23":"owp-tabs-layout-horizontal","24":"has-no-thumbnails"},"yoast_head":"<!-- This site is optimized with the Yoast SEO plugin v27.5 - https:\/\/yoast.com\/product\/yoast-seo-wordpress\/ -->\n<title>Cyclisme 2019 Le livre d&#039;or - L\u2019OFFICINA bici da corsa<\/title>\n<meta name=\"robots\" content=\"index, follow, max-snippet:-1, max-image-preview:large, max-video-preview:-1\" \/>\n<link rel=\"canonical\" href=\"https:\/\/www.lofficinabici.com\/en\/produit\/livre-dor-cyclisme-2019\/\" \/>\n<meta property=\"og:locale\" content=\"en_US\" \/>\n<meta property=\"og:type\" content=\"article\" \/>\n<meta property=\"og:title\" content=\"Cyclisme 2019 Le livre d&#039;or - L\u2019OFFICINA bici da corsa\" \/>\n<meta property=\"og:description\" content=\"Le livre d&#039;Or 2019\" \/>\n<meta property=\"og:url\" content=\"https:\/\/www.lofficinabici.com\/en\/produit\/livre-dor-cyclisme-2019\/\" \/>\n<meta property=\"og:site_name\" content=\"L\u2019OFFICINA bici da corsa\" \/>\n<meta property=\"article:publisher\" content=\"https:\/\/www.facebook.com\/lofficinabici\/\" \/>\n<meta property=\"article:modified_time\" content=\"2020-06-22T21:25:01+00:00\" \/>\n<meta property=\"og:image\" content=\"https:\/\/www.lofficinabici.com\/wp-content\/uploads\/2020\/06\/Livre-d-or-du-cyclisme-2019.jpg\" \/>\n\t<meta property=\"og:image:width\" content=\"400\" \/>\n\t<meta property=\"og:image:height\" content=\"509\" \/>\n\t<meta property=\"og:image:type\" content=\"image\/jpeg\" \/>\n<meta name=\"twitter:card\" content=\"summary_large_image\" \/>\n<meta name=\"twitter:label1\" content=\"Est. reading time\" \/>\n\t<meta name=\"twitter:data1\" content=\"1 minute\" \/>\n<script type=\"application\/ld+json\" class=\"yoast-schema-graph\">{\"@context\":\"https:\\\/\\\/schema.org\",\"@graph\":[{\"@type\":\"WebPage\",\"@id\":\"https:\\\/\\\/www.lofficinabici.com\\\/en\\\/produit\\\/livre-dor-cyclisme-2019\\\/\",\"url\":\"https:\\\/\\\/www.lofficinabici.com\\\/en\\\/produit\\\/livre-dor-cyclisme-2019\\\/\",\"name\":\"Cyclisme 2019 Le livre d'or - L\u2019OFFICINA bici da corsa\",\"isPartOf\":{\"@id\":\"https:\\\/\\\/www.lofficinabici.com\\\/en\\\/#website\"},\"primaryImageOfPage\":{\"@id\":\"https:\\\/\\\/www.lofficinabici.com\\\/en\\\/produit\\\/livre-dor-cyclisme-2019\\\/#primaryimage\"},\"image\":{\"@id\":\"https:\\\/\\\/www.lofficinabici.com\\\/en\\\/produit\\\/livre-dor-cyclisme-2019\\\/#primaryimage\"},\"thumbnailUrl\":\"https:\\\/\\\/www.lofficinabici.com\\\/wp-content\\\/uploads\\\/2020\\\/06\\\/Livre-d-or-du-cyclisme-2019.jpg\",\"datePublished\":\"2020-06-22T21:19:39+00:00\",\"dateModified\":\"2020-06-22T21:25:01+00:00\",\"breadcrumb\":{\"@id\":\"https:\\\/\\\/www.lofficinabici.com\\\/en\\\/produit\\\/livre-dor-cyclisme-2019\\\/#breadcrumb\"},\"inLanguage\":\"en-US\",\"potentialAction\":[{\"@type\":\"ReadAction\",\"target\":[\"https:\\\/\\\/www.lofficinabici.com\\\/en\\\/produit\\\/livre-dor-cyclisme-2019\\\/\"]}]},{\"@type\":\"ImageObject\",\"inLanguage\":\"en-US\",\"@id\":\"https:\\\/\\\/www.lofficinabici.com\\\/en\\\/produit\\\/livre-dor-cyclisme-2019\\\/#primaryimage\",\"url\":\"https:\\\/\\\/www.lofficinabici.com\\\/wp-content\\\/uploads\\\/2020\\\/06\\\/Livre-d-or-du-cyclisme-2019.jpg\",\"contentUrl\":\"https:\\\/\\\/www.lofficinabici.com\\\/wp-content\\\/uploads\\\/2020\\\/06\\\/Livre-d-or-du-cyclisme-2019.jpg\",\"width\":400,\"height\":509},{\"@type\":\"BreadcrumbList\",\"@id\":\"https:\\\/\\\/www.lofficinabici.com\\\/en\\\/produit\\\/livre-dor-cyclisme-2019\\\/#breadcrumb\",\"itemListElement\":[{\"@type\":\"ListItem\",\"position\":1,\"name\":\"Accueil\",\"item\":\"https:\\\/\\\/www.lofficinabici.com\\\/en\\\/?lang=en\"},{\"@type\":\"ListItem\",\"position\":2,\"name\":\"e-Shop\",\"item\":\"https:\\\/\\\/www.lofficinabici.com\\\/shop\\\/?lang=en\"},{\"@type\":\"ListItem\",\"position\":3,\"name\":\"Cyclisme 2019 Le livre d&rsquo;or\"}]},{\"@type\":\"WebSite\",\"@id\":\"https:\\\/\\\/www.lofficinabici.com\\\/en\\\/#website\",\"url\":\"https:\\\/\\\/www.lofficinabici.com\\\/en\\\/\",\"name\":\"L\u2019OFFICINA bici da corsa\",\"description\":\"v\u00e9los de course\",\"publisher\":{\"@id\":\"https:\\\/\\\/www.lofficinabici.com\\\/en\\\/#organization\"},\"potentialAction\":[{\"@type\":\"SearchAction\",\"target\":{\"@type\":\"EntryPoint\",\"urlTemplate\":\"https:\\\/\\\/www.lofficinabici.com\\\/en\\\/?s={search_term_string}\"},\"query-input\":{\"@type\":\"PropertyValueSpecification\",\"valueRequired\":true,\"valueName\":\"search_term_string\"}}],\"inLanguage\":\"en-US\"},{\"@type\":\"Organization\",\"@id\":\"https:\\\/\\\/www.lofficinabici.com\\\/en\\\/#organization\",\"name\":\"L'officina bici\",\"url\":\"https:\\\/\\\/www.lofficinabici.com\\\/en\\\/\",\"logo\":{\"@type\":\"ImageObject\",\"inLanguage\":\"en-US\",\"@id\":\"https:\\\/\\\/www.lofficinabici.com\\\/en\\\/#\\\/schema\\\/logo\\\/image\\\/\",\"url\":\"https:\\\/\\\/www.lofficinabici.com\\\/wp-content\\\/uploads\\\/2022\\\/01\\\/cropped-LOFFICINA-1.png\",\"contentUrl\":\"https:\\\/\\\/www.lofficinabici.com\\\/wp-content\\\/uploads\\\/2022\\\/01\\\/cropped-LOFFICINA-1.png\",\"width\":400,\"height\":225,\"caption\":\"L'officina bici\"},\"image\":{\"@id\":\"https:\\\/\\\/www.lofficinabici.com\\\/en\\\/#\\\/schema\\\/logo\\\/image\\\/\"},\"sameAs\":[\"https:\\\/\\\/www.facebook.com\\\/lofficinabici\\\/\",\"https:\\\/\\\/www.instagram.com\\\/lofficinabicidacorsa\\\/\"]}]}<\/script>\n<!-- \/ Yoast SEO plugin. -->","yoast_head_json":{"title":"Cyclisme 2019 Le livre d'or - L\u2019OFFICINA bici da corsa","robots":{"index":"index","follow":"follow","max-snippet":"max-snippet:-1","max-image-preview":"max-image-preview:large","max-video-preview":"max-video-preview:-1"},"canonical":"https:\/\/www.lofficinabici.com\/en\/produit\/livre-dor-cyclisme-2019\/","og_locale":"en_US","og_type":"article","og_title":"Cyclisme 2019 Le livre d'or - L\u2019OFFICINA bici da corsa","og_description":"Le livre d'Or 2019","og_url":"https:\/\/www.lofficinabici.com\/en\/produit\/livre-dor-cyclisme-2019\/","og_site_name":"L\u2019OFFICINA bici da corsa","article_publisher":"https:\/\/www.facebook.com\/lofficinabici\/","article_modified_time":"2020-06-22T21:25:01+00:00","og_image":[{"width":400,"height":509,"url":"https:\/\/www.lofficinabici.com\/wp-content\/uploads\/2020\/06\/Livre-d-or-du-cyclisme-2019.jpg","type":"image\/jpeg"}],"twitter_card":"summary_large_image","twitter_misc":{"Est. reading time":"1 minute"},"schema":{"@context":"https:\/\/schema.org","@graph":[{"@type":"WebPage","@id":"https:\/\/www.lofficinabici.com\/en\/produit\/livre-dor-cyclisme-2019\/","url":"https:\/\/www.lofficinabici.com\/en\/produit\/livre-dor-cyclisme-2019\/","name":"Cyclisme 2019 Le livre d'or - L\u2019OFFICINA bici da corsa","isPartOf":{"@id":"https:\/\/www.lofficinabici.com\/en\/#website"},"primaryImageOfPage":{"@id":"https:\/\/www.lofficinabici.com\/en\/produit\/livre-dor-cyclisme-2019\/#primaryimage"},"image":{"@id":"https:\/\/www.lofficinabici.com\/en\/produit\/livre-dor-cyclisme-2019\/#primaryimage"},"thumbnailUrl":"https:\/\/www.lofficinabici.com\/wp-content\/uploads\/2020\/06\/Livre-d-or-du-cyclisme-2019.jpg","datePublished":"2020-06-22T21:19:39+00:00","dateModified":"2020-06-22T21:25:01+00:00","breadcrumb":{"@id":"https:\/\/www.lofficinabici.com\/en\/produit\/livre-dor-cyclisme-2019\/#breadcrumb"},"inLanguage":"en-US","potentialAction":[{"@type":"ReadAction","target":["https:\/\/www.lofficinabici.com\/en\/produit\/livre-dor-cyclisme-2019\/"]}]},{"@type":"ImageObject","inLanguage":"en-US","@id":"https:\/\/www.lofficinabici.com\/en\/produit\/livre-dor-cyclisme-2019\/#primaryimage","url":"https:\/\/www.lofficinabici.com\/wp-content\/uploads\/2020\/06\/Livre-d-or-du-cyclisme-2019.jpg","contentUrl":"https:\/\/www.lofficinabici.com\/wp-content\/uploads\/2020\/06\/Livre-d-or-du-cyclisme-2019.jpg","width":400,"height":509},{"@type":"BreadcrumbList","@id":"https:\/\/www.lofficinabici.com\/en\/produit\/livre-dor-cyclisme-2019\/#breadcrumb","itemListElement":[{"@type":"ListItem","position":1,"name":"Accueil","item":"https:\/\/www.lofficinabici.com\/en\/?lang=en"},{"@type":"ListItem","position":2,"name":"e-Shop","item":"https:\/\/www.lofficinabici.com\/shop\/?lang=en"},{"@type":"ListItem","position":3,"name":"Cyclisme 2019 Le livre d&rsquo;or"}]},{"@type":"WebSite","@id":"https:\/\/www.lofficinabici.com\/en\/#website","url":"https:\/\/www.lofficinabici.com\/en\/","name":"L\u2019OFFICINA bici da corsa","description":"v\u00e9los de course","publisher":{"@id":"https:\/\/www.lofficinabici.com\/en\/#organization"},"potentialAction":[{"@type":"SearchAction","target":{"@type":"EntryPoint","urlTemplate":"https:\/\/www.lofficinabici.com\/en\/?s={search_term_string}"},"query-input":{"@type":"PropertyValueSpecification","valueRequired":true,"valueName":"search_term_string"}}],"inLanguage":"en-US"},{"@type":"Organization","@id":"https:\/\/www.lofficinabici.com\/en\/#organization","name":"L'officina bici","url":"https:\/\/www.lofficinabici.com\/en\/","logo":{"@type":"ImageObject","inLanguage":"en-US","@id":"https:\/\/www.lofficinabici.com\/en\/#\/schema\/logo\/image\/","url":"https:\/\/www.lofficinabici.com\/wp-content\/uploads\/2022\/01\/cropped-LOFFICINA-1.png","contentUrl":"https:\/\/www.lofficinabici.com\/wp-content\/uploads\/2022\/01\/cropped-LOFFICINA-1.png","width":400,"height":225,"caption":"L'officina bici"},"image":{"@id":"https:\/\/www.lofficinabici.com\/en\/#\/schema\/logo\/image\/"},"sameAs":["https:\/\/www.facebook.com\/lofficinabici\/","https:\/\/www.instagram.com\/lofficinabicidacorsa\/"]}]}},"_links":{"self":[{"href":"https:\/\/www.lofficinabici.com\/en\/wp-json\/wp\/v2\/product\/2999","targetHints":{"allow":["GET"]}}],"collection":[{"href":"https:\/\/www.lofficinabici.com\/en\/wp-json\/wp\/v2\/product"}],"about":[{"href":"https:\/\/www.lofficinabici.com\/en\/wp-json\/wp\/v2\/types\/product"}],"replies":[{"embeddable":true,"href":"https:\/\/www.lofficinabici.com\/en\/wp-json\/wp\/v2\/comments?post=2999"}],"wp:featuredmedia":[{"embeddable":true,"href":"https:\/\/www.lofficinabici.com\/en\/wp-json\/wp\/v2\/media\/3001"}],"wp:attachment":[{"href":"https:\/\/www.lofficinabici.com\/en\/wp-json\/wp\/v2\/media?parent=2999"}],"wp:term":[{"taxonomy":"product_brand","embeddable":true,"href":"https:\/\/www.lofficinabici.com\/en\/wp-json\/wp\/v2\/product_brand?post=2999"},{"taxonomy":"product_cat","embeddable":true,"href":"https:\/\/www.lofficinabici.com\/en\/wp-json\/wp\/v2\/product_cat?post=2999"},{"taxonomy":"product_tag","embeddable":true,"href":"https:\/\/www.lofficinabici.com\/en\/wp-json\/wp\/v2\/product_tag?post=2999"}],"curies":[{"name":"wp","href":"https:\/\/api.w.org\/{rel}","templated":true}]}}