{"id":10309,"date":"2022-12-16T11:05:05","date_gmt":"2022-12-16T10:05:05","guid":{"rendered":"https:\/\/www.lofficinabici.com\/?post_type=product&#038;p=10309"},"modified":"2024-09-23T13:31:13","modified_gmt":"2024-09-23T12:31:13","slug":"garmin-edge-1040-solar","status":"publish","type":"product","link":"https:\/\/www.lofficinabici.com\/en\/produit\/garmin-edge-1040-solar\/","title":{"rendered":"GARMIN EDGE 1040 SOLAR"},"content":{"rendered":"<section id=\"app__tabs__content__specs\" class=\"app__tabs__content__main app__tabs__content__main--active js__app__tabs__content__sec app__tabs__content__main--specs\">\n<article>\n<div class=\"app__tabs__content__wrap js__app__tabs__content\">\n<div class=\"app__render-content\">\n<h3>GARMIN EDGE 1040 SOLAR : PROLONGE SON AUTONOMIE GR\u00c2CE \u00c0 L&#8217;\u00c9NERGIE SOLAIRE<\/h3>\n<div class=\"app__overview__intro__description\">\n<p>P\u00e9dalez quoi qu&#8217;il arrive avec le premier compteur GPS de v\u00e9lo solaire\u00a0GARMIN EDGE 1040 SOLAR<\/p>\n<p>Pour rouler toujours plus longtemps.<br \/>\nL&#8217;Edge 1040 Solar est pr\u00eat \u00e0 vous accompagner dans toutes vos activit\u00e9s,<br \/>\ndes pistes gravel isol\u00e9es aux \u00e9piques routes de montagne.<\/p>\n<\/div>\n<div class=\"app__overview__intro__icons app__column-layout app__column-layout__column--3 app__column-layout__column__mobile--1\">\n<div class=\"app__feature__card\" data-translate=\"\">\n<p><img decoding=\"async\" class=\"app__feature__card__image\" src=\"https:\/\/res.garmin.com\/gdc\/Product_Pages\/ICONS\/Solar_Powered.svg\" alt=\"\" \/><\/p>\n<h3><\/h3>\n<p class=\"app__feature__card__description app__feature__card__description--left\">Donnez tout ce que vous avez. Le verre solaire Power Glass\u2122<sup>1<\/sup>\u00a0prolonge l&#8217;autonomie de la batterie jusqu&#8217;\u00e0 42\u00a0minutes par heure en mode \u00e9conomie d&#8217;\u00e9nergie.<\/p>\n<\/div>\n<div class=\"app__feature__card\" data-translate=\"\">\n<p><img decoding=\"async\" class=\"app__feature__card__image\" src=\"https:\/\/res.garmin.com\/gdc\/Product_Pages\/ICONS\/Battery_Life.svg\" alt=\"\" \/><\/p>\n<h3><\/h3>\n<p class=\"app__feature__card__description app__feature__card__description--left\">Roulez toujours plus longtemps, rechargez moins. Le verre solaire vous offre jusqu&#8217;\u00e0 45\u00a0heures d&#8217;autonomie avec \u00e9cran allum\u00e9 en permanence et jusqu&#8217;\u00e0 100\u00a0heures en mode \u00e9conomie d&#8217;\u00e9nergie<sup>1<\/sup>.<\/p>\n<\/div>\n<div class=\"app__feature__card\" data-translate=\"\">\n<p><img decoding=\"async\" class=\"app__feature__card__image\" src=\"https:\/\/res.garmin.com\/gdc\/Product_Pages\/ICONS\/MultiBand.svg\" alt=\"\" \/><\/p>\n<h3><\/h3>\n<p class=\"app__feature__card__description app__feature__card__description--left\">N&#8217;ayez plus peur de rouler en for\u00eat ou en ville, la technologie GNSS multi-bandes vous localisera pr\u00e9cis\u00e9ment o\u00f9 que vous alliez.<\/p>\n<\/div>\n<div class=\"app__feature__card\" data-translate=\"\">\n<p><img decoding=\"async\" class=\"app__feature__card__image\" src=\"https:\/\/res.garmin.com\/gdc\/Product_Pages\/ICONS\/Garmin_Coach.svg\" alt=\"\" \/><\/p>\n<h3><\/h3>\n<p class=\"app__feature__card__description app__feature__card__description--left\">Le widget \u201cniveau de cyclisme<sup>2<\/sup>\u201d vous aide \u00e0 comprendre vos forces et vos faiblesses.<\/p>\n<\/div>\n<div class=\"app__feature__card\" data-translate=\"\">\n<p><img decoding=\"async\" class=\"app__feature__card__image\" src=\"https:\/\/res.garmin.com\/gdc\/Product_Pages\/ICONS\/Turn_by_Turn_Navigation.svg\" alt=\"\" \/><\/p>\n<h3><\/h3>\n<p class=\"app__feature__card__description app__feature__card__description--left\">Orientez-vous comme un local avec des cartes et des instructions de navigation sp\u00e9cifiques \u00e0 votre type d&#8217;activit\u00e9.<\/p>\n<\/div>\n<div class=\"app__feature__card\" data-translate=\"\">\n<p><img decoding=\"async\" class=\"app__feature__card__image\" src=\"https:\/\/res.garmin.com\/gdc\/Product_Pages\/ICONS\/STAMINA.svg\" alt=\"\" \/><\/p>\n<h3><\/h3>\n<p class=\"app__feature__card__description app__feature__card__description--left\">Suivez votre niveau d&#8217;endurance en temps r\u00e9el gr\u00e2ce aux donn\u00e9es Stamina<sup>2<\/sup>.<\/p>\n<\/div>\n<\/div>\n<p>&nbsp;<\/p>\n<table>\n<tbody>\n<tr class=\"title\">\n<td colspan=\"2\">\n<h3>G\u00e9n\u00e9ral<\/h3>\n<\/td>\n<\/tr>\n<tr>\n<th scope=\"row\">RECHARGE SOLAIRE POWER GLASS<\/th>\n<td class=\"yes\"><\/td>\n<\/tr>\n<tr>\n<th scope=\"row\">RECHARGE DE L&#8217;APPAREILS SUR LE V\u00c9LO (SUPPORT ALIMENT\u00c9 ET BATTERIE GARMIN CHARGE)<\/th>\n<td class=\"yes\"><\/td>\n<\/tr>\n<tr>\n<th scope=\"row\">DIMENSIONS PHYSIQUES<\/th>\n<td>59,3 x 117,6 x 20,0\u00a0mm (2,3\u2033 x 4,6\u2033 x 0,8\u2033)<\/td>\n<\/tr>\n<tr>\n<th scope=\"row\">ECRAN TACTILE<\/th>\n<td class=\"yes\"><\/td>\n<\/tr>\n<tr>\n<th scope=\"row\">ECRAN COULEUR<\/th>\n<td class=\"yes\"><\/td>\n<\/tr>\n<tr>\n<th scope=\"row\">FORMAT D&#8217;AFFICHAGE (LARGEUR PAR HAUTEUR)<\/th>\n<td>88,9\u00a0mm (3,5\u2033) de diagonale<\/td>\n<\/tr>\n<tr>\n<th scope=\"row\">D\u00c9FINITION D&#8217;\u00c9CRAN (LARGEUR PAR HAUTEUR)<\/th>\n<td>282\u00a0x 470\u00a0pixels<\/td>\n<\/tr>\n<tr>\n<th scope=\"row\">POIDS<\/th>\n<td>133\u00a0g (4,7\u00a0oz)<\/td>\n<\/tr>\n<tr>\n<th scope=\"row\"><a href=\"http:\/\/www.garmin.com\/fr-FR\/legal\/waterrating\/\" target=\"_blank\" rel=\"noopener\">DEGR\u00c9 DE R\u00c9SISTANCE \u00c0 L&#8217;EAU<\/a><\/th>\n<td>IPX7<\/td>\n<\/tr>\n<tr>\n<th scope=\"row\">BATTERIE<\/th>\n<td>Lithium-ion, rechargeable<\/td>\n<\/tr>\n<tr>\n<th scope=\"row\">AUTONOMIE DE LA BATTERIE<\/th>\n<td>45\u00a0heures<\/td>\n<\/tr>\n<tr>\n<th scope=\"row\">MODE \u00c9CONOMIE DE BATTERIE<\/th>\n<\/tr>\n<\/tbody>\n<\/table>\n<\/div>\n<\/div>\n<\/article>\n<\/section>\n<div id=\"js__product__sidebar\" class=\"app__sidebar\" data-active-tab=\"specs\">\n<div id=\"js__product__sidebar__quickLinks\" class=\"app__sidebar__wrapper\"><\/div>\n<\/div>\n<p>&nbsp;<\/p>\n<div id=\"js__product__sidebar\" class=\"app__sidebar\" data-active-tab=\"specs\">\n<div class=\"app__sidebar__wrapper\">\n<section id=\"js__product__sidebar__compatible\" class=\"app__sidebar__con app__sidebar__con--cards\">\n<div class=\"app__sidebar__list\">\n<div id=\"js__sidebar__010-01673-00\" class=\"app__product__card\">\n<div class=\"app__product__card__container\">\n<div class=\"app__product__card__price__wrapper\">\n<div class=\"app__product__card__price\">Plus d&#8217;infos ici : <a href=\"https:\/\/www.garmin.com\/fr-FR\/p\/731136\">Garmin\u00a0<\/a><\/div>\n<\/div>\n<\/div>\n<\/div>\n<div id=\"js__sidebar__010-12654-00\" class=\"app__product__card\"><\/div>\n<\/div>\n<div>\n<p class=\"responsive-video-wrap clr\"><iframe title=\"Garmin Edge\u00ae 1040 Solar : aliment\u00e9 par le soleil et riche en fonctions\" width=\"1200\" height=\"675\" src=\"https:\/\/www.youtube.com\/embed\/UQBUX7RpiNA?feature=oembed\" frameborder=\"0\" allow=\"accelerometer; autoplay; clipboard-write; encrypted-media; gyroscope; picture-in-picture; web-share\" allowfullscreen><\/iframe><\/p>\n<\/div>\n<div class=\"app__sidebar__list\">\n<div id=\"js__sidebar__010-12654-01\" class=\"app__product__card\">\n<div class=\"app__product__card__container\">\n<div class=\"app__product__card__price\">Disponible \u00e0 <a href=\"https:\/\/www.lofficinabici.com\/\">L&#8217;Officina<\/a> \u00e0 Pernes les Fontaines.<\/div>\n<\/div>\n<\/div>\n<div id=\"js__sidebar__010-12654-02\" class=\"app__product__card\"><\/div>\n<div id=\"js__sidebar__010-12654-03\" class=\"app__product__card\">\n<div class=\"app__product__card__container\">\n<div class=\"app__product__card__price__wrapper\">\n<div class=\"app__product__card__price\"><\/div>\n<\/div>\n<\/div>\n<\/div>\n<div id=\"js__sidebar__010-12654-04\" class=\"app__product__card\"><\/div>\n<\/div>\n<\/section>\n<section class=\"app__sidebar__con app__sidebar__con--cards\">\n<h3><\/h3>\n<div class=\"app__sidebar__list\">\n<div class=\"app__product__card\"><\/div>\n<div class=\"app__product__card\">\n<div class=\"app__product__card__container\">\n<div class=\"app__product__card__price__wrapper\">\n<div class=\"app__product__card__price app__product__card__price__sale\"><\/div>\n<\/div>\n<\/div>\n<\/div>\n<div class=\"app__product__card\"><\/div>\n<\/div>\n<\/section>\n<section class=\"app__sidebar__con app__sidebar__con--cards\">\n<div class=\"app__sidebar__list\">\n<div class=\"app__product__card\"><\/div>\n<\/div>\n<\/section>\n<\/div>\n<\/div>\n","protected":false},"excerpt":{"rendered":"<p><span style=\"font-size: 16px;\">Le premier compteur GPS solaire<\/span><\/p>\n","protected":false},"featured_media":10297,"comment_status":"closed","ping_status":"closed","template":"","meta":{"om_disable_all_campaigns":false,"_monsterinsights_skip_tracking":false,"_monsterinsights_sitenote_active":false,"_monsterinsights_sitenote_note":"","_monsterinsights_sitenote_category":0,"ocean_post_layout":"","ocean_both_sidebars_style":"","ocean_both_sidebars_content_width":0,"ocean_both_sidebars_sidebars_width":0,"ocean_sidebar":"0","ocean_second_sidebar":"0","ocean_disable_margins":"enable","ocean_add_body_class":"","ocean_shortcode_before_top_bar":"","ocean_shortcode_after_top_bar":"","ocean_shortcode_before_header":"","ocean_shortcode_after_header":"","ocean_has_shortcode":"","ocean_shortcode_after_title":"","ocean_shortcode_before_footer_widgets":"","ocean_shortcode_after_footer_widgets":"","ocean_shortcode_before_footer_bottom":"","ocean_shortcode_after_footer_bottom":"","ocean_display_top_bar":"default","ocean_display_header":"default","ocean_header_style":"","ocean_center_header_left_menu":"0","ocean_custom_header_template":"0","ocean_custom_logo":0,"ocean_custom_retina_logo":0,"ocean_custom_logo_max_width":0,"ocean_custom_logo_tablet_max_width":0,"ocean_custom_logo_mobile_max_width":0,"ocean_custom_logo_max_height":0,"ocean_custom_logo_tablet_max_height":0,"ocean_custom_logo_mobile_max_height":0,"ocean_header_custom_menu":"0","ocean_menu_typo_font_family":"0","ocean_menu_typo_font_subset":"","ocean_menu_typo_font_size":0,"ocean_menu_typo_font_size_tablet":0,"ocean_menu_typo_font_size_mobile":0,"ocean_menu_typo_font_size_unit":"px","ocean_menu_typo_font_weight":"","ocean_menu_typo_font_weight_tablet":"","ocean_menu_typo_font_weight_mobile":"","ocean_menu_typo_transform":"","ocean_menu_typo_transform_tablet":"","ocean_menu_typo_transform_mobile":"","ocean_menu_typo_line_height":0,"ocean_menu_typo_line_height_tablet":0,"ocean_menu_typo_line_height_mobile":0,"ocean_menu_typo_line_height_unit":"","ocean_menu_typo_spacing":0,"ocean_menu_typo_spacing_tablet":0,"ocean_menu_typo_spacing_mobile":0,"ocean_menu_typo_spacing_unit":"","ocean_menu_link_color":"","ocean_menu_link_color_hover":"","ocean_menu_link_color_active":"","ocean_menu_link_background":"","ocean_menu_link_hover_background":"","ocean_menu_link_active_background":"","ocean_menu_social_links_bg":"","ocean_menu_social_hover_links_bg":"","ocean_menu_social_links_color":"","ocean_menu_social_hover_links_color":"","ocean_disable_title":"default","ocean_disable_heading":"default","ocean_post_title":"","ocean_post_subheading":"","ocean_post_title_style":"","ocean_post_title_background_color":"","ocean_post_title_background":0,"ocean_post_title_bg_image_position":"","ocean_post_title_bg_image_attachment":"","ocean_post_title_bg_image_repeat":"","ocean_post_title_bg_image_size":"","ocean_post_title_height":0,"ocean_post_title_bg_overlay":0.5,"ocean_post_title_bg_overlay_color":"","ocean_disable_breadcrumbs":"default","ocean_breadcrumbs_color":"","ocean_breadcrumbs_separator_color":"","ocean_breadcrumbs_links_color":"","ocean_breadcrumbs_links_hover_color":"","ocean_display_footer_widgets":"default","ocean_display_footer_bottom":"default","ocean_custom_footer_template":"0"},"product_brand":[],"product_cat":[1246],"product_tag":[],"class_list":{"0":"post-10309","1":"product","2":"type-product","3":"status-publish","4":"has-post-thumbnail","6":"product_cat-gps","8":"entry","9":"has-media","11":"first","12":"instock","13":"sale","14":"taxable","15":"shipping-taxable","16":"purchasable","17":"product-type-simple","18":"has-product-nav","19":"col","20":"span_1_of_3","21":"owp-content-center","22":"owp-thumbs-layout-horizontal","23":"owp-btn-normal","24":"owp-tabs-layout-horizontal"},"yoast_head":"<!-- This site is optimized with the Yoast SEO plugin v27.5 - https:\/\/yoast.com\/product\/yoast-seo-wordpress\/ -->\n<title>GARMIN EDGE 1040 SOLAR - L\u2019OFFICINA bici da corsa<\/title>\n<meta name=\"description\" content=\"GARMIN EDGE 1040 SOLAR disponible \u00e0 Pernes les Fontaines, Mont ventoux, premier GPS solaire verre solaire Power Glass\u21221 technologie GNSS multi-bandes\" \/>\n<meta name=\"robots\" content=\"index, follow, max-snippet:-1, max-image-preview:large, max-video-preview:-1\" \/>\n<link rel=\"canonical\" href=\"https:\/\/www.lofficinabici.com\/en\/produit\/garmin-edge-1040-solar\/\" \/>\n<meta property=\"og:locale\" content=\"en_US\" \/>\n<meta property=\"og:type\" content=\"article\" \/>\n<meta property=\"og:title\" content=\"GARMIN EDGE 1040 SOLAR - L\u2019OFFICINA bici da corsa\" \/>\n<meta property=\"og:description\" content=\"GARMIN EDGE 1040 SOLAR disponible \u00e0 Pernes les Fontaines, Mont ventoux, premier GPS solaire verre solaire Power Glass\u21221 technologie GNSS multi-bandes\" \/>\n<meta property=\"og:url\" content=\"https:\/\/www.lofficinabici.com\/en\/produit\/garmin-edge-1040-solar\/\" \/>\n<meta property=\"og:site_name\" content=\"L\u2019OFFICINA bici da corsa\" \/>\n<meta property=\"article:publisher\" content=\"https:\/\/www.facebook.com\/lofficinabici\/\" \/>\n<meta property=\"article:modified_time\" content=\"2024-09-23T12:31:13+00:00\" \/>\n<meta property=\"og:image\" content=\"https:\/\/www.lofficinabici.com\/wp-content\/uploads\/2022\/12\/cf-lg-e1677509988704.webp\" \/>\n\t<meta property=\"og:image:width\" content=\"489\" \/>\n\t<meta property=\"og:image:height\" content=\"489\" \/>\n\t<meta property=\"og:image:type\" content=\"image\/webp\" \/>\n<meta name=\"twitter:card\" content=\"summary_large_image\" \/>\n<meta name=\"twitter:label1\" content=\"Est. reading time\" \/>\n\t<meta name=\"twitter:data1\" content=\"3 minutes\" \/>\n<script type=\"application\/ld+json\" class=\"yoast-schema-graph\">{\"@context\":\"https:\\\/\\\/schema.org\",\"@graph\":[{\"@type\":\"WebPage\",\"@id\":\"https:\\\/\\\/www.lofficinabici.com\\\/en\\\/produit\\\/garmin-edge-1040-solar\\\/\",\"url\":\"https:\\\/\\\/www.lofficinabici.com\\\/en\\\/produit\\\/garmin-edge-1040-solar\\\/\",\"name\":\"GARMIN EDGE 1040 SOLAR - L\u2019OFFICINA bici da corsa\",\"isPartOf\":{\"@id\":\"https:\\\/\\\/www.lofficinabici.com\\\/en\\\/#website\"},\"primaryImageOfPage\":{\"@id\":\"https:\\\/\\\/www.lofficinabici.com\\\/en\\\/produit\\\/garmin-edge-1040-solar\\\/#primaryimage\"},\"image\":{\"@id\":\"https:\\\/\\\/www.lofficinabici.com\\\/en\\\/produit\\\/garmin-edge-1040-solar\\\/#primaryimage\"},\"thumbnailUrl\":\"https:\\\/\\\/www.lofficinabici.com\\\/wp-content\\\/uploads\\\/2022\\\/12\\\/cf-lg-e1677509988704.webp\",\"datePublished\":\"2022-12-16T10:05:05+00:00\",\"dateModified\":\"2024-09-23T12:31:13+00:00\",\"description\":\"GARMIN EDGE 1040 SOLAR disponible \u00e0 Pernes les Fontaines, Mont ventoux, premier GPS solaire verre solaire Power Glass\u21221 technologie GNSS multi-bandes\",\"breadcrumb\":{\"@id\":\"https:\\\/\\\/www.lofficinabici.com\\\/en\\\/produit\\\/garmin-edge-1040-solar\\\/#breadcrumb\"},\"inLanguage\":\"en-US\",\"potentialAction\":[{\"@type\":\"ReadAction\",\"target\":[\"https:\\\/\\\/www.lofficinabici.com\\\/en\\\/produit\\\/garmin-edge-1040-solar\\\/\"]}]},{\"@type\":\"ImageObject\",\"inLanguage\":\"en-US\",\"@id\":\"https:\\\/\\\/www.lofficinabici.com\\\/en\\\/produit\\\/garmin-edge-1040-solar\\\/#primaryimage\",\"url\":\"https:\\\/\\\/www.lofficinabici.com\\\/wp-content\\\/uploads\\\/2022\\\/12\\\/cf-lg-e1677509988704.webp\",\"contentUrl\":\"https:\\\/\\\/www.lofficinabici.com\\\/wp-content\\\/uploads\\\/2022\\\/12\\\/cf-lg-e1677509988704.webp\",\"width\":489,\"height\":489,\"caption\":\"GARMIN EDGE 1040\"},{\"@type\":\"BreadcrumbList\",\"@id\":\"https:\\\/\\\/www.lofficinabici.com\\\/en\\\/produit\\\/garmin-edge-1040-solar\\\/#breadcrumb\",\"itemListElement\":[{\"@type\":\"ListItem\",\"position\":1,\"name\":\"Accueil\",\"item\":\"https:\\\/\\\/www.lofficinabici.com\\\/en\\\/?lang=en\"},{\"@type\":\"ListItem\",\"position\":2,\"name\":\"e-Shop\",\"item\":\"https:\\\/\\\/www.lofficinabici.com\\\/shop\\\/?lang=en\"},{\"@type\":\"ListItem\",\"position\":3,\"name\":\"GARMIN EDGE 1040 SOLAR\"}]},{\"@type\":\"WebSite\",\"@id\":\"https:\\\/\\\/www.lofficinabici.com\\\/en\\\/#website\",\"url\":\"https:\\\/\\\/www.lofficinabici.com\\\/en\\\/\",\"name\":\"L\u2019OFFICINA bici da corsa\",\"description\":\"v\u00e9los de course\",\"publisher\":{\"@id\":\"https:\\\/\\\/www.lofficinabici.com\\\/en\\\/#organization\"},\"potentialAction\":[{\"@type\":\"SearchAction\",\"target\":{\"@type\":\"EntryPoint\",\"urlTemplate\":\"https:\\\/\\\/www.lofficinabici.com\\\/en\\\/?s={search_term_string}\"},\"query-input\":{\"@type\":\"PropertyValueSpecification\",\"valueRequired\":true,\"valueName\":\"search_term_string\"}}],\"inLanguage\":\"en-US\"},{\"@type\":\"Organization\",\"@id\":\"https:\\\/\\\/www.lofficinabici.com\\\/en\\\/#organization\",\"name\":\"L'officina bici\",\"url\":\"https:\\\/\\\/www.lofficinabici.com\\\/en\\\/\",\"logo\":{\"@type\":\"ImageObject\",\"inLanguage\":\"en-US\",\"@id\":\"https:\\\/\\\/www.lofficinabici.com\\\/en\\\/#\\\/schema\\\/logo\\\/image\\\/\",\"url\":\"https:\\\/\\\/www.lofficinabici.com\\\/wp-content\\\/uploads\\\/2022\\\/01\\\/cropped-LOFFICINA-1.png\",\"contentUrl\":\"https:\\\/\\\/www.lofficinabici.com\\\/wp-content\\\/uploads\\\/2022\\\/01\\\/cropped-LOFFICINA-1.png\",\"width\":400,\"height\":225,\"caption\":\"L'officina bici\"},\"image\":{\"@id\":\"https:\\\/\\\/www.lofficinabici.com\\\/en\\\/#\\\/schema\\\/logo\\\/image\\\/\"},\"sameAs\":[\"https:\\\/\\\/www.facebook.com\\\/lofficinabici\\\/\",\"https:\\\/\\\/www.instagram.com\\\/lofficinabicidacorsa\\\/\"]}]}<\/script>\n<!-- \/ Yoast SEO plugin. -->","yoast_head_json":{"title":"GARMIN EDGE 1040 SOLAR - L\u2019OFFICINA bici da corsa","description":"GARMIN EDGE 1040 SOLAR disponible \u00e0 Pernes les Fontaines, Mont ventoux, premier GPS solaire verre solaire Power Glass\u21221 technologie GNSS multi-bandes","robots":{"index":"index","follow":"follow","max-snippet":"max-snippet:-1","max-image-preview":"max-image-preview:large","max-video-preview":"max-video-preview:-1"},"canonical":"https:\/\/www.lofficinabici.com\/en\/produit\/garmin-edge-1040-solar\/","og_locale":"en_US","og_type":"article","og_title":"GARMIN EDGE 1040 SOLAR - L\u2019OFFICINA bici da corsa","og_description":"GARMIN EDGE 1040 SOLAR disponible \u00e0 Pernes les Fontaines, Mont ventoux, premier GPS solaire verre solaire Power Glass\u21221 technologie GNSS multi-bandes","og_url":"https:\/\/www.lofficinabici.com\/en\/produit\/garmin-edge-1040-solar\/","og_site_name":"L\u2019OFFICINA bici da corsa","article_publisher":"https:\/\/www.facebook.com\/lofficinabici\/","article_modified_time":"2024-09-23T12:31:13+00:00","og_image":[{"width":489,"height":489,"url":"https:\/\/www.lofficinabici.com\/wp-content\/uploads\/2022\/12\/cf-lg-e1677509988704.webp","type":"image\/webp"}],"twitter_card":"summary_large_image","twitter_misc":{"Est. reading time":"3 minutes"},"schema":{"@context":"https:\/\/schema.org","@graph":[{"@type":"WebPage","@id":"https:\/\/www.lofficinabici.com\/en\/produit\/garmin-edge-1040-solar\/","url":"https:\/\/www.lofficinabici.com\/en\/produit\/garmin-edge-1040-solar\/","name":"GARMIN EDGE 1040 SOLAR - L\u2019OFFICINA bici da corsa","isPartOf":{"@id":"https:\/\/www.lofficinabici.com\/en\/#website"},"primaryImageOfPage":{"@id":"https:\/\/www.lofficinabici.com\/en\/produit\/garmin-edge-1040-solar\/#primaryimage"},"image":{"@id":"https:\/\/www.lofficinabici.com\/en\/produit\/garmin-edge-1040-solar\/#primaryimage"},"thumbnailUrl":"https:\/\/www.lofficinabici.com\/wp-content\/uploads\/2022\/12\/cf-lg-e1677509988704.webp","datePublished":"2022-12-16T10:05:05+00:00","dateModified":"2024-09-23T12:31:13+00:00","description":"GARMIN EDGE 1040 SOLAR disponible \u00e0 Pernes les Fontaines, Mont ventoux, premier GPS solaire verre solaire Power Glass\u21221 technologie GNSS multi-bandes","breadcrumb":{"@id":"https:\/\/www.lofficinabici.com\/en\/produit\/garmin-edge-1040-solar\/#breadcrumb"},"inLanguage":"en-US","potentialAction":[{"@type":"ReadAction","target":["https:\/\/www.lofficinabici.com\/en\/produit\/garmin-edge-1040-solar\/"]}]},{"@type":"ImageObject","inLanguage":"en-US","@id":"https:\/\/www.lofficinabici.com\/en\/produit\/garmin-edge-1040-solar\/#primaryimage","url":"https:\/\/www.lofficinabici.com\/wp-content\/uploads\/2022\/12\/cf-lg-e1677509988704.webp","contentUrl":"https:\/\/www.lofficinabici.com\/wp-content\/uploads\/2022\/12\/cf-lg-e1677509988704.webp","width":489,"height":489,"caption":"GARMIN EDGE 1040"},{"@type":"BreadcrumbList","@id":"https:\/\/www.lofficinabici.com\/en\/produit\/garmin-edge-1040-solar\/#breadcrumb","itemListElement":[{"@type":"ListItem","position":1,"name":"Accueil","item":"https:\/\/www.lofficinabici.com\/en\/?lang=en"},{"@type":"ListItem","position":2,"name":"e-Shop","item":"https:\/\/www.lofficinabici.com\/shop\/?lang=en"},{"@type":"ListItem","position":3,"name":"GARMIN EDGE 1040 SOLAR"}]},{"@type":"WebSite","@id":"https:\/\/www.lofficinabici.com\/en\/#website","url":"https:\/\/www.lofficinabici.com\/en\/","name":"L\u2019OFFICINA bici da corsa","description":"v\u00e9los de course","publisher":{"@id":"https:\/\/www.lofficinabici.com\/en\/#organization"},"potentialAction":[{"@type":"SearchAction","target":{"@type":"EntryPoint","urlTemplate":"https:\/\/www.lofficinabici.com\/en\/?s={search_term_string}"},"query-input":{"@type":"PropertyValueSpecification","valueRequired":true,"valueName":"search_term_string"}}],"inLanguage":"en-US"},{"@type":"Organization","@id":"https:\/\/www.lofficinabici.com\/en\/#organization","name":"L'officina bici","url":"https:\/\/www.lofficinabici.com\/en\/","logo":{"@type":"ImageObject","inLanguage":"en-US","@id":"https:\/\/www.lofficinabici.com\/en\/#\/schema\/logo\/image\/","url":"https:\/\/www.lofficinabici.com\/wp-content\/uploads\/2022\/01\/cropped-LOFFICINA-1.png","contentUrl":"https:\/\/www.lofficinabici.com\/wp-content\/uploads\/2022\/01\/cropped-LOFFICINA-1.png","width":400,"height":225,"caption":"L'officina bici"},"image":{"@id":"https:\/\/www.lofficinabici.com\/en\/#\/schema\/logo\/image\/"},"sameAs":["https:\/\/www.facebook.com\/lofficinabici\/","https:\/\/www.instagram.com\/lofficinabicidacorsa\/"]}]}},"_links":{"self":[{"href":"https:\/\/www.lofficinabici.com\/en\/wp-json\/wp\/v2\/product\/10309","targetHints":{"allow":["GET"]}}],"collection":[{"href":"https:\/\/www.lofficinabici.com\/en\/wp-json\/wp\/v2\/product"}],"about":[{"href":"https:\/\/www.lofficinabici.com\/en\/wp-json\/wp\/v2\/types\/product"}],"replies":[{"embeddable":true,"href":"https:\/\/www.lofficinabici.com\/en\/wp-json\/wp\/v2\/comments?post=10309"}],"wp:featuredmedia":[{"embeddable":true,"href":"https:\/\/www.lofficinabici.com\/en\/wp-json\/wp\/v2\/media\/10297"}],"wp:attachment":[{"href":"https:\/\/www.lofficinabici.com\/en\/wp-json\/wp\/v2\/media?parent=10309"}],"wp:term":[{"taxonomy":"product_brand","embeddable":true,"href":"https:\/\/www.lofficinabici.com\/en\/wp-json\/wp\/v2\/product_brand?post=10309"},{"taxonomy":"product_cat","embeddable":true,"href":"https:\/\/www.lofficinabici.com\/en\/wp-json\/wp\/v2\/product_cat?post=10309"},{"taxonomy":"product_tag","embeddable":true,"href":"https:\/\/www.lofficinabici.com\/en\/wp-json\/wp\/v2\/product_tag?post=10309"}],"curies":[{"name":"wp","href":"https:\/\/api.w.org\/{rel}","templated":true}]}}